{"id":1402,"date":"2022-11-10T15:24:14","date_gmt":"2022-11-10T14:24:14","guid":{"rendered":"https:\/\/scunilever.ch\/fussball\/?page_id=1402"},"modified":"2024-03-12T16:31:24","modified_gmt":"2024-03-12T15:31:24","slug":"colophon","status":"publish","type":"page","link":"https:\/\/scunilever.ch\/fussball\/colophon\/","title":{"rendered":"Colophon"},"content":{"rendered":"\n<p>Herausgeber dieser Website ist die <a href=\"https:\/\/scunilever.ch\/fussball\/\">Sektion Fussball des Sportclub Unilever<\/a>. Verantwortlich f\u00fcr Konzept, Gestaltung und Umsetzung ist <a href=\"https:\/\/www.andreasrohner.net\/\" target=\"_blank\" rel=\"noreferrer noopener\">andreasrohnerdotnet<\/a>. Die Website der Sektion Fussball des Sportclub Unilever wird auf einem quelloffenen Linux-Apache-MariaDB-PHP-Stack bei <a href=\"https:\/\/www.infomaniak.com\/\" target=\"_blank\" rel=\"noreferrer noopener nofollow\">Infomaniak<\/a> gehostet. Das Content Management System ist das quelloffene <a href=\"https:\/\/wordpress.org\/\" target=\"_blank\" rel=\"noreferrer noopener nofollow\">WordPress<\/a>. Als prim\u00e4re Analytics-L\u00f6sung setzt die Sektion Fussball des Sportclub Unilever das quelloffene Matomo ein, das ebenfalls auf einem quelloffenen Linux-Apache-MariaDB-PHP-Stack bei <a href=\"https:\/\/www.infomaniak.com\/\" target=\"_blank\" rel=\"noreferrer noopener nofollow\">Infomaniak<\/a> gehostet wird.<\/p>\n\n\n\n<h2 class=\"wp-block-heading\">Datenschutzerkl\u00e4rung<\/h2>\n\n\n\n<h3 class=\"wp-block-heading\" id=\"1-worum-geht-es-in-dieser-datenschutzerkl\u00e4rung\">1. Worum geht es in dieser Datenschutzerkl\u00e4rung?<\/h3>\n\n\n\n<p>Die Sektion Fussball des Sportclub Unilever (nachstehend auch \u00abwir\u00bb, \u00abuns\u00bb) beschafft und bearbeitet Personendaten, die Sie oder auch andere Personen (sog. \u00abDritte\u00bb) betreffen. Wir verwenden den Begriff \u00abDaten\u00bb hier gleichbedeutend mit \u00abPersonendaten\u00bb oder \u00abpersonenbezogene Daten\u00bb.<\/p>\n\n\n\n<p>Mit \u00abPersonendaten\u00bb sind Daten gemeint, die sich auf bestimmte oder bestimmbare Person beziehen, d.h. die R\u00fcckschl\u00fcsse auf deren Identit\u00e4t sind anhand Daten selbst oder mit entsprechenden Zusatzdaten m\u00f6glich. \u00abBesonders sch\u00fctzenswerte Personendaten\u00bb sind eine Kategorie von Personendaten, die das geltende Datenschutzrecht besonders sch\u00fctzt. Als besonders sch\u00fctzenswerte Personendaten gelten z.B. Daten, aus denen die rassische und ethnische Herkunft hervorgeht, ferner Gesundheitsdaten, Angaben \u00fcber religi\u00f6se oder weltanschauliche \u00dcberzeugungen, biometrische Daten zu Identifikationszwecken und Angaben \u00fcber die Gewerkschaftszugeh\u00f6rigkeit. In <a href=\".\/#3-welche-daten-bearbeiten-wir\">Ziffer&nbsp;3<\/a> finden Sie Angaben zu den Daten, die wir im Rahmen dieser Datenschutzerkl\u00e4rung bearbeiten. \u00abBearbeiten\u00bb meint jeden Umgang mit Personendaten, z.B. das Beschaffen, Speichern, Verwenden, Anpassung, Bekanntgeben und L\u00f6schen.<\/p>\n\n\n\n<p>In dieser Datenschutzerkl\u00e4rung beschreiben wir, was wir mit Ihren Daten tun, wenn Sie <a href=\"https:\/\/scunilever.ch\/fussball\/\">https:\/\/scunilever.ch\/fussball\/<\/a>, andere Websites von uns oder unsere Apps verwenden (nachfolgend gesamthaft \u00abWebsite\u00bb), unsere Dienstleistungen oder Produkte beziehen, anderweitig mit uns im Rahmen eines Vertrags in Verbindung stehen, mit uns kommunizieren oder sonst mit uns zu tun haben. Gegebenenfalls werden wir Sie durch eine rechtzeitige schriftliche Mitteilung \u00fcber zus\u00e4tzliche, nicht in dieser Datenschutzerkl\u00e4rung erw\u00e4hnte Bearbeitungsaktivit\u00e4ten informieren. Zus\u00e4tzlich k\u00f6nnen wir Sie \u00fcber die Bearbeitung Ihrer Daten separat informieren, z.B. in Einwilligungserkl\u00e4rungen, Vertragsbedingungen, zus\u00e4tzlichen Datenschutzerkl\u00e4rungen, Formularen und Hinweisen.<\/p>\n\n\n\n<p>Wenn Sie uns Daten \u00fcber andere Personen wie z.B. Familienmitglieder, Arbeitskollegen etc. \u00fcbermitteln bzw. bekanntgeben, gehen wir davon aus, dass Sie dazu befugt sind und dass diese Daten richtig sind. Mit der \u00dcbermittlung von Daten \u00fcber Dritte best\u00e4tigen Sie dies. Bitte stellen Sie auch sicher, dass diese Dritten \u00fcber diese Datenschutzerkl\u00e4rung informiert wurden.<\/p>\n\n\n\n<p>Diese Datenschutzerkl\u00e4rung ist auf die Anforderungen der EU-Datenschutz-Grundverordnung (\u00abDSGVO\u00bb), das Schweizer Datenschutzgesetz (\u00abDSG\u00bb) und das revidierte Schweizer Datenschutzgesetz (\u00abrevDSG\u00bb) ausgelegt. Ob und inwieweit diese Gesetze anwendbar sind, h\u00e4ngt jedoch vom Einzelfall ab.<\/p>\n\n\n\n<h3 class=\"wp-block-heading\" id=\"2-wer-ist-f\u00fcr-die-bearbeitung-ihrer-daten-verantwortlich\">2. Wer ist f\u00fcr die Bearbeitung Ihrer Daten verantwortlich?<\/h3>\n\n\n\n<p>F\u00fcr die in dieser Datenschutzerkl\u00e4rung beschriebenen Datenbearbeitungen der Sektion Fussball des Sportclub Unilever ist datenschutzrechtlich die Sektion Fussball des Sportclub Unilever in Thayngen (die \u00abSektion Fussball des Sportclub Unilever\u00bb), verantwortlich, soweit im Einzelfall nichts Anderes kommuniziert wird z.B. in weiteren Datenschutzerkl\u00e4rungen, auf Formularen oder in Vertr\u00e4gen.<\/p>\n\n\n\n<p>Sie k\u00f6nnen uns f\u00fcr Ihre Datenschutzanliegen und die Aus\u00fcbung Ihrer Rechte gem\u00e4ss <a href=\".\/#11-welche-rechte-haben-sie\">Ziffer&nbsp;11<\/a> wie folgt erreichen:<\/p>\n\n\n\n<p>Sektion Fussball des Sportclub Unilever<br>\nBahnhofstrasse 19<br>\nCH-8240 Thayngen<br>\n<span id=\"email-obfuscator\"><script>document.getElementById(\"email-obfuscator\").innerHTML=\"<n uers=\\\"znvygb:znvy@fphavyrire.pu\\\" >R-Znvy<\/n>\".replace(\/[a-zA-Z]\/g,function(c){return String.fromCharCode((c<=\"Z\"?90:122)>=(c=c.charCodeAt(0)+13)?c:c-26);});<\/script><noscript>[aktivieren Sie JavaScript, um die E-Mail-Adresse anzuzeigen]<\/noscript><\/span><\/p>\n\n\n\n<h3 class=\"wp-block-heading\" id=\"3-welche-daten-bearbeiten-wir\">3. Welche Daten bearbeiten wir?<\/h3>\n\n\n\n<p>Wir bearbeiten verschiedene Kategorien von Daten \u00fcber Sie. Die wichtigsten Kategorien nachfolgend beschrieben.<\/p>\n\n\n\n<ul class=\"wp-block-list\" id=\"technische-daten\">\n<li><strong>Technische Daten<\/strong>: Wenn Sie unsere Website oder andere elektronische Angebote verwenden, erheben wir die IP-Adresse Ihres Endger\u00e4ts und weitere technische Daten, um die Funktionalit\u00e4t und Sicherheit dieser Angebote sicherzustellen. Zu diesen Daten geh\u00f6ren auch Protokolle, in denen die Verwendung unserer Systeme aufgezeichnet wird. Wir bewahren technische Daten in der Regel f\u00fcr 6 Monate auf. Um die Funktionalit\u00e4t dieser Angebote sicherzustellen, k\u00f6nnen wir Ihnen bzw. Ihrem Endger\u00e4t auch einen individuellen Code zuweisen (z.B. in Form eines Cookies, vgl. dazu <a href=\"https:\/\/leadershipcampus.ch\/de\/wp-admin\/#12-verwenden-wir-online-tracking-und-online-werbetechniken\">Ziffer&nbsp;12<\/a>). Die <strong>technischen Daten<\/strong> f\u00fcr sich lassen grunds\u00e4tzlich keine R\u00fcckschl\u00fcsse auf Ihre Identit\u00e4t zu. Im Rahmen von Benutzerkonten, Registrierungen, Zugangskontrollen oder der Abwicklung von Vertr\u00e4gen k\u00f6nnen sie jedoch mit anderen Datenkategorien (und so ggf. mit Ihrer Person) verkn\u00fcpft werden.<br><br>Zu den <strong>technischen Daten<\/strong> geh\u00f6ren u.a. die IP-Adresse und Angaben \u00fcber das Betriebssystem Ihres Endger\u00e4ts, das Datum, die Region und der Zeitpunkt der Nutzung sowie der Typ des Browsers, mit dem Sie auf unsere elektronischen Angebote zugreifen. Das kann uns helfen, die richtige Formatierung der Website zu \u00fcbermitteln oder Ihnen z.B. eine f\u00fcr Ihre Region angepasste Website anzuzeigen. Aufgrund der IP-Adresse wissen wir zwar, \u00fcber welchen Provider Sie auf unsere Angebote zugreifen (und damit auch die Region), aber wir k\u00f6nnen daraus in der Regel nicht ableiten, wer Sie sind. Das \u00e4ndert sich, wenn Sie z.B. ein Benutzerkonto anlegen, weil dann Personendaten mit technischen Daten verkn\u00fcpft werden k\u00f6nnen (wir sehen z.B., welchen Browser Sie benutzen, um ein Konto \u00fcber unsere Website zu nutzen). Beispiele f\u00fcr technische Daten sind auch Protokolle (\u00abLogs\u00bb), die in unseren Systemen anfallen (z.B. das Protokoll der Benutzer-Anmeldungen auf unserer Website).<\/li>\n<\/ul>\n\n\n\n<ul class=\"wp-block-list\" id=\"registrierungsdaten\">\n<li><strong>Registrierungsdaten<\/strong>: Bestimmte Angebote z.B. von Wettbewerben und Dienstleistungen (z.B. Login-Bereiche unserer Website, Newsletter-Versand etc.) k\u00f6nnen nur mit einem Benutzerkonto oder einer Registrierung genutzt werden, die direkt bei uns oder \u00fcber unsere externen Login-Dienstleister erfolgen kann. Dabei m\u00fcssen Sie uns bestimmte Daten angeben, und wir erheben Daten \u00fcber die Nutzung des Angebots oder der Dienstleistung. Bei Zugangskontrollen zu bestimmten Anlagen k\u00f6nnen Registrierungsdaten anfallen; je nach Kontrollsystem auch biometrische Daten. Wir bewahren Registrierungsdaten in der Regel w\u00e4hrend 12 Monaten nach dem Ende der Nutzung der Dienstleistung oder der Aufl\u00f6sung des Nutzerkontos auf.<br><br>Zu den <strong>Registrierungsdaten<\/strong> geh\u00f6ren u.a. die Angaben, die Sie machen, wenn Sie auf unserer Website ein Konto anlegen (z.B. Benutzername, Passwort, Name, E-Mail). Zu den Registrierungsdaten geh\u00f6ren aber auch die Daten, die wir ggf. von Ihnen verlangen, bevor Sie bestimmte Gratisleistungen in Anspruch nehmen k\u00f6nnen. Sie m\u00fcssen sich auch registrieren, wenn Sie unseren Newsletter abonnieren wollen. Im Rahmen von Zugangskontrollen m\u00fcssen wir Sie u.U. mit Ihren Daten (Zugangscodes in Badges, biometrische Daten zur Identifikation) registrieren (vgl. dazu die Kategorie <a href=\".\/#sonstige-daten\">sonstige Daten)<\/a>.<\/li>\n<\/ul>\n\n\n\n<ul class=\"wp-block-list\" id=\"kommunikationsdaten\">\n<li><strong>Kommunikationsdaten<\/strong>: Wenn Sie mit uns \u00fcber das Kontaktformular, per E-Mail, Telefon oder Chat, brieflich oder \u00fcber sonstige Kommunikationsmittel in Kontakt stehen, erfassen wir die zwischen Ihnen und uns ausgetauschten Daten, einschliesslich Ihrer Kontaktdaten und der Randdaten der Kommunikation. Wenn wir Telefongespr\u00e4che oder Video-Konferenzen z.B. zu Schulungs- und Qualit\u00e4tssicherungszwecken aufzeichnen oder mith\u00f6ren, weisen wir Sie besonders darauf hin. Solche Aufzeichnungen d\u00fcrfen nur entsprechend unseren internen Vorgaben gemacht und verwendet werden. Sie werden dar\u00fcber informiert, ob und wann solche Aufzeichnungen stattfinden, z.B. durch eine Anzeige w\u00e4hrend der betreffenden Video-Konferenz. Falls Sie keine Aufzeichnung w\u00fcnschen, weisen Sie uns bitte darauf hin oder beenden Sie Ihre Teilnahme. M\u00f6chten Sie lediglich keine Aufzeichnung Ihres Bildes, schalten Sie bitte Ihre Kamera aus. Wenn wir Ihre Identit\u00e4t feststellen wollen oder m\u00fcssen, z.B. bei einem von Ihnen gestellten Auskunftsbegehren, einem Antrag f\u00fcr Medienzugang etc., erheben wir Daten, um Sie zu identifizieren (z.B. eine Kopie eines Ausweises). Wir bewahren diese Daten in der Regel w\u00e4hrend 12 Monaten ab dem letzten Austausch mit Ihnen auf. Diese Frist kann l\u00e4nger sein, soweit dies aus Beweisgr\u00fcnden oder zur Einhaltung gesetzlicher oder vertraglicher Vorgaben erforderlich oder technisch bedingt ist. E-Mails in pers\u00f6nlichen Postf\u00e4chern und schriftliche Korrespondenzen werden in der Regel mindestens 10 Jahre aufbewahrt. Aufzeichnungen von (Video-)Konferenzen werden in der Regel w\u00e4hrend 24 Monaten aufbewahrt. Chats werden in der Regel w\u00e4hrend 2 Jahren aufbewahrt.<br><br><strong>Kommunikationsdaten<\/strong> sind Ihr Name und Ihre Kontaktangaben, die Art und Weise und der Ort und die Zeit der Kommunikation und i.d.R. auch ihr Inhalt (d.h. der Inhalt von E-Mails, Briefen, Chats etc.). Diese Daten k\u00f6nnen auch Angaben \u00fcber Dritte enthalten. Zum Zweck der Identifikation k\u00f6nnen wir auch Ihre Ausweisnummer oder ein von Ihnen festgelegtes Passwort oder Ihren Presseausweis bearbeiten. Zur sicheren Identifikation sind bei Medienanfragen folgende Pflichtangaben zu machen: Verlag, Name der Publikation, Anrede, Vorname, Nachname, Postanschrift, E-Mail-Adresse und Telefonnummer der berichterstattenden Person.<\/li>\n<\/ul>\n\n\n\n<ul class=\"wp-block-list\" id=\"stammdaten\">\n<li><strong>Stammdaten<\/strong>: Als Stammdaten bezeichnen wir die Grunddaten, die wir nebst den Vertragsdaten (siehe unten) f\u00fcr die Abwicklung unserer vertraglichen und sonstigen gesch\u00e4ftlichen Beziehungen oder f\u00fcr Marketing- und Werbezwecke ben\u00f6tigen, wie Name, Kontaktdaten und Informationen z.B. \u00fcber Ihre Rolle und Funktion, Ihre Bankverbindung(en), Ihr Geburtsdatum, die Kundenhistorie, Vollmachten, Unterschriftsberechtigungen und Einwilligungserkl\u00e4rungen. Ihre Stammdaten bearbeiten wir, wenn Sie ein Kunde oder sonstiger gesch\u00e4ftlicher Kontakt sind oder f\u00fcr einen solchen t\u00e4tig sind (z.B. als Kontaktperson des Gesch\u00e4ftspartners), oder weil wir Sie f\u00fcr unsere eigenen Zwecke oder die Zwecke eines Vertragspartners ansprechen wollen (z.B. im Rahmen von Marketing und Werbung, mit Einladungen an Anl\u00e4sse, mit Gutscheinen, mit Newslettern etc.). Wir erhalten Stammdaten von Ihnen selbst (z.B. bei einem Kauf oder im Rahmen einer Registrierung), von Stellen, f\u00fcr die Sie t\u00e4tig sind, oder von Dritten wie z.B. unseren Vertragspartnern, Verb\u00e4nden und Adressh\u00e4ndlern und aus \u00f6ffentlich zug\u00e4nglichen Quellen wie z.B. \u00f6ffentlichen Registern oder dem Internet (Websites, Social Media etc.). Wir bewahren diese Daten in der Regel w\u00e4hrend 10 Jahren ab dem letzten Austausch mit Ihnen auf, mindestens aber ab Vertragsende. Diese Frist kann l\u00e4nger sein, soweit dies aus Beweisgr\u00fcnden oder zur Einhaltung gesetzlicher oder vertraglichen Vorgaben erforderlich oder technisch bedingt ist. Bei reinen Marketing- und Werbekontakten ist die Frist normalerweise wesentlich k\u00fcrzer, meist nicht mehr als 2 Jahre seit dem letzten Kontakt.<br><br>Zu den <strong>Stammdaten<\/strong> geh\u00f6ren z.B. Daten wie Name, Adresse, E-Mail-Adresse, Telefonnummer und andere Kontaktdaten, Geschlecht, Geburtsdatum, Nationalit\u00e4t, Angaben zu verbundenen Personen, Websites, Profile in Social Media, Fotos und Videos, Kopien von Ausweisen; ferner Angaben \u00fcber Ihre Beziehung mit uns (Kunde, Lieferant, Besucher, Leistungsempf\u00e4nger etc.), Angaben zu Ihrem Status bei uns, Zuteilungen, Klassifikationen und Verteiler, Angaben \u00fcber unsere Interaktionen mit Ihnen (allenfalls eine Historie davon mit entsprechenden Eintragungen), Berichte (z.B. aus den Medien) oder beh\u00f6rdliche Dokumente, (z.B. Handelsregisterausz\u00fcge, Bewilligungen etc.), die Sie betreffen. Als Zahlungsangaben erheben wir z.B. Ihre Bankverbindung, Kontonummer und Kreditkartendaten. Auch Einwilligungs- oder Sperrvermerke geh\u00f6ren zu den Stammdaten, ebenso wie Angaben \u00fcber Dritte, z.B. Kontaktpersonen, Empf\u00e4nger von Leistungen, Werbeempf\u00e4nger oder Vertreter.<br><br>Bei Kontaktpersonen und Vertretern unserer Kunden, Lieferanten und Partner bearbeiten wir als Stammdaten z.B. Name und Adresse, Angaben zu Rolle, zur Funktion im Unternehmen, Qualifikationen und ggf. Angaben \u00fcber Vorgesetzte, Mitarbeitende und Untergebene und Angaben \u00fcber Interaktionen mit diesen Personen.<br><br>Stammdaten werden nicht f\u00fcr alle Kontakte umfassend erhoben. Welche Daten wir im Einzelnen erheben, h\u00e4ngt besonders vom Zweck der Bearbeitung ab.<\/li>\n<\/ul>\n\n\n\n<ul class=\"wp-block-list\" id=\"vertragsdaten\">\n<li><strong>Vertragsdaten<\/strong>: Das sind Daten, die im Zusammenhang mit einem Vertragsschluss bzw. der Vertragsabwicklung anfallen, z.B. Angaben \u00fcber Vertr\u00e4ge und den zu erbringenden oder erbrachten Leistungen, sowie Daten aus dem Vorfeld eines Vertragsabschlusses, die zur Abwicklung erforderlichen oder verwendeten Angaben und Angaben \u00fcber Reaktionen (z.B. Beschwerden oder Angaben zur Zufriedenheit etc.). Diese Daten erheben wir i.d.R. von Ihnen, von Vertragspartnern und von in die Abwicklung des Vertrages involvierten Dritten, aber auch von Drittquellen (z.B. Anbietern von Bonit\u00e4tsdaten) und aus \u00f6ffentlich zug\u00e4nglichen Quellen. Wir bewahren diese Daten in der Regel w\u00e4hrend 10 Jahren ab der letzten Vertragsaktivit\u00e4t auf, mindestens aber ab Vertragsende. Diese Frist kann l\u00e4nger sein, soweit dies aus Beweisgr\u00fcnden oder zur Einhaltung gesetzlicher oder vertraglichen Vorgaben erforderlich oder technisch bedingt ist.<br><br>Zu den <strong>Vertragsdaten<\/strong> geh\u00f6ren Angaben \u00fcber den Vertragsschluss, \u00fcber Ihre Vertr\u00e4ge, z.B. Art und Datum des Vertragsschlusses, Angaben aus dem Antragsprozess (wie etwa einem Antrag f\u00fcr unsere Produkte oder Dienstleistungen) und Angaben \u00fcber den betreffenden Vertrag (z.B. seine Dauer) und die Abwicklung und Verwaltung der Vertr\u00e4ge (z.B. Angaben im Zusammenhang mit der Rechnungstellung, dem Kundendienst, die Unterst\u00fctzung bei technischen Angelegenheiten und die Durchsetzung von vertraglichen Anspr\u00fcchen). Zu den Vertragsdaten geh\u00f6ren auch Angaben \u00fcber M\u00e4ngel, Beschwerden und Anpassungen eines Vertrags, ebenso wie Angaben zur Kundenzufriedenheit, die wir z.B. mittels Befragungen erheben k\u00f6nnen. Zu den Vertragsdaten geh\u00f6ren ferner Finanzdaten wie Angaben \u00fcber die Bonit\u00e4t (d.h. Informationen, die Schl\u00fcsse \u00fcber die Wahrscheinlichkeit zulassen, dass Forderungen beglichen werden), zu Mahnungen und zum Inkasso. Wir erhalten diese Daten teilweise von Ihnen (z.B., wenn Sie Zahlungen ausf\u00fchren), aber auch von Wirtschaftsauskunfteien und Inkassounternehmen und von \u00f6ffentlich zug\u00e4nglichen Quellen (z.B. einem Handelsregister).<\/li>\n<\/ul>\n\n\n\n<ul class=\"wp-block-list\" id=\"verhaltens-und-pr\u00e4ferenzdaten\">\n<li><strong>Verhaltens- und Pr\u00e4ferenzdaten<\/strong>: Je nachdem, in welcher Beziehung wir zu Ihnen stehen, versuchen wir Sie kennenzulernen und unsere Produkte, Dienstleistungen und Angebote besser auf Sie auszurichten. Dazu erheben und nutzen wir Daten \u00fcber Ihr Verhalten und Ihre Pr\u00e4ferenzen. Wir tun dies, indem wir Angaben \u00fcber Ihr Verhalten in unserem Bereich auswerten, und wir k\u00f6nnen diese Angaben auch mit Angaben von Dritten \u2013&nbsp;auch aus \u00f6ffentlich zug\u00e4nglichen Quellen&nbsp;\u2013 erg\u00e4nzen. Gest\u00fctzt darauf k\u00f6nnen wir etwa die Wahrscheinlichkeit berechnen, dass Sie bestimmte Leistungen in Anspruch nehmen oder sich auf eine bestimmte Weise verhalten. Die dazu bearbeiteten Daten sind uns teilweise bereits bekannt (z.B. wenn Sie unsere Leistungen in Anspruch nehmen), oder wir gewinnen diese Daten, indem wir Ihr Verhalten aufzeichnen (z.B. wie Sie auf unserer Website navigieren). Wir anonymisieren oder l\u00f6schen diese Daten, wenn sie f\u00fcr die verfolgten Zwecke nicht mehr aussagekr\u00e4ftig sind, was je nach der Art der Daten zwischen 2\u20133 Wochen und 24 Monaten der Fall sein kann. Diese Frist kann l\u00e4nger sein, soweit dies aus Beweisgr\u00fcnden oder zur Einhaltung gesetzlicher oder vertraglichen Vorgaben erforderlich oder technisch bedingt ist. Wie das Tracking auf unserer Website funktioniert, beschreiben wir in <a href=\".\/#12-verwenden-wir-online-tracking-und-online-werbetechniken\">Ziffer&nbsp;12<\/a>.<br><br><strong>Verhaltensdaten<\/strong> sind Angaben \u00fcber bestimmte Handlungen, z.B. \u00fcber Ihre Reaktion auf elektronische Mitteilungen (z.B. ob und wann Sie eine E-Mail ge\u00f6ffnet haben) oder \u00fcber Ihren Standort sowie \u00fcber Ihre Interaktion mit unseren Social-Media-Profilen und \u00fcber Ihre Teilnahme an Gewinnspielen, Wettbewerben und \u00e4hnlichen Veranstaltungen.<br><br><strong>Pr\u00e4ferenzdaten<\/strong> geben uns Aufschluss dar\u00fcber, welche Bed\u00fcrfnisse Sie haben, welche Produkte oder Leistungen auf Ihr Interesse stossen k\u00f6nnten oder wann und wie Sie voraussichtlich auf Nachrichten von uns reagieren werden. Wir gewinnen diese Angaben aus der Analyse bestehender Daten wie z.B. Verhaltensdaten, damit wir Sie besser kennenlernen, unsere Beratung und Angebote genauer auf Sie ausrichten und unsere Angebote generell verbessern k\u00f6nnen. Um die Qualit\u00e4t unserer Analysen zu verbessern, k\u00f6nnen wir diese Daten mit weiteren Daten verkn\u00fcpfen, die wir auch von Dritten beziehen.<br><br><strong>Verhaltens- und Pr\u00e4ferenzdaten<\/strong> k\u00f6nnen personenbezogen ausgewertet werden (z.B. um Ihnen personalisierte Werbung anzuzeigen), aber auch nicht-personenbezogen (z.B. zur Marktforschung oder zur Produktentwicklung). Verhaltens- und Pr\u00e4ferenzdaten k\u00f6nnen auch mit anderen Daten kombiniert werden.<\/li>\n<\/ul>\n\n\n\n<ul class=\"wp-block-list\" id=\"sonstige-daten\">\n<li><strong>Sonstige Daten<\/strong>: Daten von Ihnen erheben wir auch in anderen Situationen. Im Zusammenhang mit beh\u00f6rdlichen oder gerichtlichen Verfahren etwa fallen Daten an (wie Akten, Beweismittel etc.), die sich auch auf Sie beziehen k\u00f6nnen. Aus Gr\u00fcnden des Gesundheitsschutzes k\u00f6nnen wir ebenfalls Daten erheben (z.B. im Rahmen von Schutzkonzepten). Wir k\u00f6nnen Fotos, Videos und Tonaufnahmen erhalten oder herstellen, in denen Sie erkennbar sein k\u00f6nnen (z.B. an Anl\u00e4ssen, durch Sicherheitskameras etc.). Wir k\u00f6nnen auch Daten dar\u00fcber erheben, wer wann bestimmte Geb\u00e4ude betritt oder entsprechende Zugangsrechte hat (inkl. bei Zugangskontrollen, gest\u00fctzt auf Registrierungsdaten oder Besucherlisten etc.), wer wann an Anl\u00e4ssen oder Aktionen (z.B. Wettbewerben) teilnimmt oder wer wann unsere Infrastruktur und Systeme verwendet. Die Aufbewahrungsfrist dieser Daten richtet sich nach dem Zweck und wird auf das Erforderliche beschr\u00e4nkt. Das reicht von einigen wenigen Tagen bei vielen der Sicherheitskameras und in der Regel einigen Wochen bei Daten f\u00fcr ein Contact Tracing \u00fcber Besucherdaten, die in der Regel w\u00e4hrend 3 Monaten aufbewahrt werden bis hin zu Berichten \u00fcber Anl\u00e4sse mit Bildern, die einige Jahre oder l\u00e4nger aufbewahrt werden k\u00f6nnen.<\/li>\n<\/ul>\n\n\n\n<p>Vieler der in dieser <a href=\".\/#3-welche-daten-bearbeiten-wir\">Ziffer&nbsp;3<\/a> genannten Daten geben Sie uns selbst bekannt (z.B. \u00fcber Formulare, im Rahmen der Kommunikation mit uns, im Zusammenhang mit Vertr\u00e4gen, bei der Verwendung der Website etc.). Sie sind dazu nicht verpflichtet, unter Vorbehalt von Einzelf\u00e4llen, z.B. im Rahmen von verbindlichen Schutzkonzepten (gesetzliche Verpflichtungen). Wenn Sie mit uns Vertr\u00e4ge schliessen oder Leistungen beanspruchen wollen, m\u00fcssen Sie uns zudem im Rahmen Ihrer vertraglichen Verpflichtung gem\u00e4ss dem einschl\u00e4gigen Vertrag Daten bereitstellen, insbesondere Stamm-, Vertrags- und Registrierungsdaten. Bei der Nutzung unserer Website ist die Bearbeitung technischer Daten unvermeidlich. Wenn Sie Zugang zu bestimmten Systemen oder Geb\u00e4uden erhalten m\u00f6chten, m\u00fcssen Sie uns Registrierungsdaten angeben. Bei Verhaltens- und Pr\u00e4ferenzdaten haben Sie jedoch grunds\u00e4tzlich die M\u00f6glichkeit, zu widersprechen oder keine Einwilligung zu geben.<\/p>\n\n\n\n<p>Soweit dies nicht unzul\u00e4ssig ist, entnehmen wir Daten auch \u00f6ffentlich zug\u00e4nglichen Quellen (z.B. Betreibungsregister, Grundb\u00fccher, Handelsregister, Medien oder dem Internet inkl. Social Media) oder erhalten Daten von Beh\u00f6rden und von sonstigen Dritten (wie z.B. Kreditauskunfteien, Adressh\u00e4ndler, Verb\u00e4nde, Vertragspartner, Internet-Analysedienste etc.).<\/p>\n\n\n\n<h3 class=\"wp-block-heading\" id=\"4-zu-welchen-zwecken-bearbeiten-wir-ihre-daten\">4. Zu welchen Zwecken bearbeiten wir Ihre Daten?<\/h3>\n\n\n\n<p>Wir bearbeiten Ihre Daten zu den Zwecken, die wir im Folgenden erl\u00e4utern. Weitere Hinweise f\u00fcr den Online-Bereich finden Sie in <a href=\".\/#12-verwenden-wir-online-tracking-und-online-werbetechniken\">Ziffer&nbsp;12<\/a> und <a href=\".\/#12-verwenden-wir-online-tracking-und-online-werbetechniken\">13<\/a>. Diese Zwecke bzw. die ihnen zugrundeliegenden Ziele stellen berechtigte Interessen von uns und ggf. von Dritten dar. Sie finden weitere Angaben zu den Rechtsgrundlagen unserer Bearbeitung in <a href=\".\/#3-welche-daten-bearbeiten-wir\">Ziffer&nbsp;5<\/a>.<\/p>\n\n\n\n<p>Wir bearbeiten Ihre Daten zu Zwecken im Zusammenhang mit der <strong>Kommunikation mit Ihnen<\/strong>, insbesondere zur Beantwortung von Anfragen und der Geltendmachung Ihrer Rechte (<a href=\".\/#11-welche-rechte-haben-sie\">Ziffer&nbsp;11<\/a>) und um Sie bei R\u00fcckfragen zu kontaktieren. Hierzu verwenden wir insbesondere Kommunikationsdaten und Stammdaten und im Zusammenhang mit von Ihnen genutzten Angeboten und Dienstleistungen auch Registrierungsdaten. Wir bewahren diese Daten auf, um unsere Kommunikation mit Ihnen zu dokumentieren, f\u00fcr Schulungszwecke, zur Qualit\u00e4tssicherung und f\u00fcr Nachfragen.<\/p>\n\n\n\n<p>Daten bearbeiten wir f\u00fcr die Aufnahme, Verwaltung und Abwicklung von<strong>Vertragsbeziehungen<\/strong>.<\/p>\n\n\n\n<p>Wir bearbeiten Daten f\u00fcr <strong>Marketingzwecke<\/strong> und zur<strong> Beziehungspflege<\/strong>, z.B. um unseren Kunden und anderen Vertragspartnern personalisierte Werbung zu Produkten und Dienstleistungen von uns und von Dritten (z.B. von Werbe-Vertragspartnern) zu senden. Das kann z.B. in Form von Newslettern und anderen regelm\u00e4ssigen Kontakten (elektronisch, per Post, telefonisch), \u00fcber andere Kan\u00e4le, f\u00fcr welche wir von Ihnen Kontaktinformationen haben, aber auch im Rahmen von einzelnen Marketingaktionen (z.B. Anl\u00e4sse, Wettbewerbe etc.) erfolgen und auch Gratisleistungen enthalten (z.B. Einladungen, Gutscheine etc.). Sie k\u00f6nnen solche Kontakte jederzeit ablehnen (siehe am Ende dieser <a href=\".\/#4-zu-welchen-zwecken-bearbeiten-wir-ihre-daten\">Ziffer&nbsp;4<\/a>) bzw. eine Einwilligung in die Kontaktaufnahme f\u00fcr Werbezwecke verweigern oder widerrufen. Mit Ihrer Einwilligung k\u00f6nnen wir unsere Online-Werbung im Internet zielgerichteter auf Sie ausrichten (dazu <a href=\".\/#12-verwenden-wir-online-tracking-und-online-werbetechniken\">Ziffer&nbsp;12<\/a>). Schliesslich wollen wir auch Vertragspartnern von uns erm\u00f6glichen, unsere Kunden und andere Vertragspartner zu Werbezwecken anzusprechen (dazu <a href=\".\/#7-wem-geben-wir-ihre-daten-bekannt\">Ziffer&nbsp;7<\/a>).<\/p>\n\n\n\n<p>Ihre Daten bearbeiten wir weiter zur<strong> Marktforschung<\/strong>, zur <strong>Verbesserung unserer Dienstleistungen<\/strong> und zur <strong>Produktentwicklung<\/strong>.<\/p>\n\n\n\n<p>Wir k\u00f6nnen Ihre Daten auch zu <strong>Sicherheitszwecken<\/strong> und f\u00fcr die <strong>Zugangskontrolle<\/strong> bearbeiten.<\/p>\n\n\n\n<p>Wir bearbeiten Personendaten zur <strong>Einhaltung von Gesetzen, Weisungen und Empfehlungen von Beh\u00f6rden und interner Regularien<\/strong> (\u00ab<strong>Compliance<\/strong>\u00bb).<\/p>\n\n\n\n<p>Wir bearbeiten Daten auch f\u00fcr Zwecke unseres <strong>Risikomanagements<\/strong> und im Rahmen einer umsichtigen <strong>Unternehmensf\u00fchrung<\/strong>, einschliesslich Betriebsorganisation und Unternehmensentwicklung.<\/p>\n\n\n\n<p>Wir k\u00f6nnen Ihre Daten <strong>zu weiteren Zwecken <\/strong>bearbeiten, z.B. im Rahmen unserer internen Abl\u00e4ufe und Administration oder zu Schulungs- und Qualit\u00e4tssicherungszwecken.<\/p>\n\n\n\n<h3 class=\"wp-block-heading\" id=\"5-auf-welcher-grundlage-bearbeiten-wir-ihre-daten\">5. Auf welcher Grundlage bearbeiten wir Ihre Daten?<\/h3>\n\n\n\n<p>Soweit wir Sie f\u00fcr bestimmte Bearbeitungen um Ihre <strong>Einwilligung<\/strong> bitten (z.B. f\u00fcr die Bearbeitung von besonders sch\u00fctzenswerten Personendaten, f\u00fcr Marketingmailings und f\u00fcr die Werbesteuerungs- und Verhaltensanalyse auf der Website), informieren wir Sie gesondert \u00fcber die entsprechenden Zwecke der Bearbeitung. Einwilligungen k\u00f6nnen Sie jederzeit durch schriftliche Mitteilung (postalisch) oder, wo nicht anders angegeben oder vereinbart, per E-Mail an uns jederzeit mit Wirkung f\u00fcr die Zukunft widerrufen; unsere Kontaktangaben finden Sie in <a href=\".\/#2-wer-ist-f\u00fcr-die-bearbeitung-ihrer-daten-verantwortlich\">Ziffer&nbsp;2<\/a>. F\u00fcr den Widerruf Ihrer Einwilligung beim Online-Tracking vgl. <a href=\".\/#12-verwenden-wir-online-tracking-und-online-werbetechniken\">Ziffer&nbsp;12<\/a>. Wo Sie \u00fcber ein Benutzerkonto verf\u00fcgen, kann ein Widerruf oder eine Kontaktnahme mit uns ggf. auch \u00fcber die betreffende Website oder sonstige Dienstleistung durchgef\u00fchrt werden. Sobald wir die Mitteilung \u00fcber den Widerruf Ihrer Einwilligung erhalten haben, werden wir Ihre Daten nicht mehr f\u00fcr die Zwecke bearbeiten, denen Sie urspr\u00fcnglich zugestimmt haben, es sei denn, wir haben eine andere Rechtsgrundlage daf\u00fcr. Durch den Widerruf Ihrer Einwilligung wird die Rechtm\u00e4ssigkeit der aufgrund der Einwilligung bis zum Widerruf erfolgten Bearbeitung nicht ber\u00fchrt.<\/p>\n\n\n\n<p>Wo wir Sie nicht um Ihre Einwilligung f\u00fcr eine Bearbeitung bitten, st\u00fctzen wir die Bearbeitung Ihrer Personendaten darauf, dass die Bearbeitung f\u00fcr die <strong>Anbahnung oder Abwicklung eines Vertrags<\/strong> mit Ihnen (oder der von Ihnen vertretenen Stelle) erforderlich ist oder dass wir oder Dritte ein <strong>berechtigtes Interesse<\/strong> daran haben, so insbesondere um die vorstehend unter <a href=\".\/#4-zu-welchen-zwecken-bearbeiten-wir-ihre-daten\">Ziffer&nbsp;4<\/a> beschriebenen Zwecke und damit verbundenen Ziele zu verfolgen und entsprechende Massnahmen durchf\u00fchren zu k\u00f6nnen. Zu unseren berechtigten Interessen geh\u00f6rt auch die Einhaltung von <strong>gesetzlichen Vorschriften<\/strong>, soweit diese nicht ohnehin bereits vom jeweils anwendbaren Datenschutzrecht als Rechtsgrundlage anerkannt ist (z.B. bei der DSGVO das Recht im EWR und in der Schweiz). Dazu geh\u00f6rt aber auch die Vermarktung unserer Produkte und Dienstleistungen, das Interesse, unsere M\u00e4rkte besser zu verstehen und unser Unternehmen, einschliesslich des operativen Betriebs, sicher und effizient zu f\u00fchren und weiterzuentwickeln.<\/p>\n\n\n\n<p>Wenn wir sensible Daten erhalten (z.B. Gesundheitsdaten, Angaben zu politischen, religi\u00f6sen oder weltanschaulichen Ansichten oder biometrische Daten zur Identifikation), k\u00f6nnen wir Ihre Daten auch gest\u00fctzt auf andere Rechtsgrundlagen bearbeiten, z.B. im Falle von Auseinandersetzungen aufgrund der Notwendigkeit der Bearbeitung f\u00fcr einen etwaigen Prozess oder die Durchsetzung oder Abwehr von <strong>Rechtsanspr\u00fcchen<\/strong>. In Einzelf\u00e4llen k\u00f6nnen andere Rechtsgr\u00fcnde zum Tragen kommen, was wir Ihnen soweit erforderlich separat kommunizieren.<\/p>\n\n\n\n<h3 class=\"wp-block-heading\" id=\"6-was-gilt-bei-profiling-und-automatisierten-einzelentscheiden\">6. Was gilt bei Profiling und automatisierten Einzelentscheiden?<\/h3>\n\n\n\n<p>Wir k\u00f6nnen bestimmte Ihrer pers\u00f6nlichen Eigenschaften zu den in <a href=\".\/#4-zu-welchen-zwecken-bearbeiten-wir-ihre-daten\">Ziffer&nbsp;4<\/a> genannten Zwecken anhand Ihrer Daten (<a href=\".\/#3-welche-daten-bearbeiten-wir\">Ziffer&nbsp;3<\/a>) automatisiert bewerten (\u00ab<strong>Profiling<\/strong>\u00bb), wenn wir Pr\u00e4ferenzdaten ermitteln wollen, aber auch um Missbrauchs- und Sicherheitsrisiken festzustellen, statistische Auswertungen vorzunehmen oder f\u00fcr betriebliche Planungszwecke. Zu denselben Zwecken k\u00f6nnen wir auch Profile erstellen, d.h. wir k\u00f6nnen Verhaltens- und Pr\u00e4ferenzdaten, aber auch Stamm- und Vertragsdaten und Ihnen zugeordnete technische Daten kombinieren, um Sie als Person mit ihren unterschiedlichen Interessen und sonstigen Eigenschaften besser zu verstehen.<\/p>\n\n\n\n<p>In beiden F\u00e4llen achten wir auf die Verh\u00e4ltnism\u00e4ssigkeit und Zuverl\u00e4ssigkeit der Ergebnisse und treffen Massnahmen gegen eine missbr\u00e4uchliche Verwendung dieser Profile oder eines Profiling. K\u00f6nnen diese Rechtswirkungen oder erhebliche Nachteile f\u00fcr Sie mit sich bringen, sehen wir grunds\u00e4tzlich eine manuelle \u00dcberpr\u00fcfung vor.<\/p>\n\n\n\n<p>In bestimmten Situationen kann es aus Gr\u00fcnden der Effizienz und Einheitlichkeit von Entscheidungsprozessen erforderlich sein, dass wir Sie betreffende Ermessensentscheide mit Rechtswirkungen oder m\u00f6glicherweise erheblichen Nachteilen automatisieren (\u00ab<strong>automatisierte Einzelentscheide<\/strong>\u00bb).Wir werden Sie in diesem Fall entsprechend informieren und die nach anwendbarem Recht erforderlichen Massnahmen vorsehen.<\/p>\n\n\n\n<h3 class=\"wp-block-heading\" id=\"7-wem-geben-wir-ihre-daten-bekannt\">7. Wem geben wir Ihre Daten bekannt?<\/h3>\n\n\n\n<p>Im Zusammenhang mit unseren Vertr\u00e4gen, der Website, unseren Dienstleistungen und Produkten, unseren rechtlichen Pflichten oder sonst zur Wahrung unserer berechtigten Interessen und den weiteren in <a href=\".\/#4-zu-welchen-zwecken-bearbeiten-wir-ihre-daten\">Ziffer&nbsp;4<\/a> aufgef\u00fchrten Zwecken \u00fcbermitteln wir Ihre Personendaten auch an Dritte, insbesondere an die folgenden Kategorien von Empf\u00e4ngern:<\/p>\n\n\n\n<ul class=\"wp-block-list\">\n<li><strong>Dienstleister<\/strong>: Wir arbeiten mit Dienstleistern im In- und Ausland zusammen, die in unserem Auftrag oder in gemeinsamer Verantwortlichkeit mit uns Daten \u00fcber Sie bearbeiten oder in eigener Verantwortlichkeit Daten \u00fcber Sie von uns erhalten.<\/li>\n\n\n\n<li><strong>Vertragspartner inklusive Kunden:<\/strong> Gemeint sind zun\u00e4chst die Kunden und andere Vertragspartner von uns, weil sich diese Daten\u00fcbermittlung aus diesen Vertr\u00e4gen ergibt. Wenn Sie f\u00fcr einen solchen Vertragspartner selbst t\u00e4tig sind, k\u00f6nnen wir diesem auch in diesem Zusammenhang Daten \u00fcber Sie \u00fcbermitteln. Zu den Empf\u00e4ngern geh\u00f6ren weiter Vertragspartner, mit denen wir kooperieren oder die f\u00fcr uns Werbung treiben und denen wir deshalb Daten \u00fcber Sie f\u00fcr Analyse- und Marketingzwecke \u00fcbermitteln (das k\u00f6nnen wiederum Leistungsbez\u00fcger sein, aber z.B. auch Sponsoren und Anbieter von Online-Werbung). Wir verlangen von diesen Partnern, dass Sie Ihnen nur dann Werbung zusenden oder basierend auf Ihren Daten ausspielen, wenn Sie dem zugestimmt haben (f\u00fcr den Online-Bereich vgl. <a href=\".\/#12-verwenden-wir-online-tracking-und-online-werbetechniken\">Ziffer&nbsp;12<\/a>).<\/li>\n\n\n\n<li><strong>Beh\u00f6rden<\/strong>: Wir k\u00f6nnen Personendaten an \u00c4mter, Gerichte und andere Beh\u00f6rden im In- und Ausland weitergeben, wenn wir dazu rechtlich verpflichtet oder berechtigt sind oder dies zur Wahrung unserer Interessen als erforderlich erscheint. Die Beh\u00f6rden bearbeiten in eigener Verantwortlichkeit Daten \u00fcber Sie, die sie von uns erhalten.<\/li>\n\n\n\n<li><strong>Weitere Personen<\/strong>: Gemeint sind andere F\u00e4llen, wo sich der Einbezug von Dritten aus den Zwecken gem\u00e4ss <a href=\".\/#4-zu-welchen-zwecken-bearbeiten-wir-ihre-daten\">Ziffer&nbsp;4<\/a> ergibt.<\/li>\n<\/ul>\n\n\n\n<p>Alle diese Kategorien von Empf\u00e4ngern k\u00f6nnen ihrerseits Dritte beiziehen, so dass Ihre Daten auch diesen zug\u00e4nglich werden k\u00f6nnen. Die Bearbeitung durch bestimmte Dritte k\u00f6nnen wir beschr\u00e4nken (z.B. IT-Provider), jene anderer Dritter aber nicht (z.B. Beh\u00f6rden, Banken etc.).<\/p>\n\n\n\n<p>Wir erm\u00f6glichen auch <strong>bestimmten Dritten<\/strong>, auf unserer Website und bei Anl\u00e4ssen von uns ihrerseits<strong> Personendaten von Ihnen<\/strong> zu erheben (z.B. Medienfotografen, Anbieter von Tools, die wir auf unserer Website eingebunden haben etc.). Soweit wir nicht in entscheidender Weise an diesen Datenerhebungen beteiligt sind, sind diese Dritten alleine daf\u00fcr verantwortlich. Bei Anliegen und zur Geltendmachung Ihrer Datenschutzrechte wenden Sie sich bitte direkt an diese Dritten. Vgl. <a href=\".\/#12-verwenden-wir-online-tracking-und-online-werbetechniken\">Ziffer&nbsp;12<\/a> f\u00fcr die Website.<\/p>\n\n\n\n<h3 class=\"wp-block-heading\" id=\"8-gelangen-ihre-personendaten-auch-ins-ausland\">8. Gelangen Ihre Personendaten auch ins Ausland?<\/h3>\n\n\n\n<p>Wie in <a href=\".\/#7-wem-geben-wir-ihre-daten-bekannt\">Ziffer&nbsp;7<\/a> erl\u00e4utert, geben wir Daten auch anderen Stellen bekannt. Diese befinden sich nicht nur in der Schweiz.<\/p>\n\n\n\n<p>Befindet sich ein Empf\u00e4nger in einem Land ohne angemessenen gesetzlichen Datenschutz, verpflichten wir den Empf\u00e4nger vertraglich zur Einhaltung des anwendbaren Datenschutzes (dazu verwenden wir die <a href=\"https:\/\/eur-lex.europa.eu\/eli\/dec_impl\/2021\/914\/oj?locale=de\" target=\"_blank\" rel=\"noreferrer noopener nofollow\">revidierten Standardvertragsklauseln der Europ\u00e4ischen Kommission<\/a>), soweit er nicht bereits einem gesetzlich anerkannten Regelwerk zur Sicherstellung des Datenschutzes unterliegt und wir uns nicht auf eine Ausnahmebestimmung st\u00fctzen k\u00f6nnen. Eine Ausnahme kann namentlich bei Rechtsverfahren im Ausland gelten, aber auch in F\u00e4llen \u00fcberwiegender \u00f6ffentlicher Interessen oder wenn eine Vertragsabwicklung eine solche Bekanntgabe erfordert, wenn Sie eingewilligt haben oder wenn es sich um von Ihnen allgemein zug\u00e4nglich gemachte Daten handelt, deren Bearbeitung Sie nicht widersprochen haben.<\/p>\n\n\n\n<p>Beachten Sie bitte auch, dass Daten, die \u00fcber das Internet ausgetauscht werden, h\u00e4ufig \u00fcber Drittstaaten geleitet werden. Ihre Daten k\u00f6nnen daher auch dann ins Ausland gelangen, wenn sich Absender und Empf\u00e4nger im gleichen Land befinden.<\/p>\n\n\n\n<h3 class=\"wp-block-heading\" id=\"9-wie-lange-bearbeiten-wir-ihre-daten\">9. Wie lange bearbeiten wir Ihre Daten?<\/h3>\n\n\n\n<p>Wir bearbeiten Ihre Daten so lange, wie es unsere Bearbeitungszwecke, die gesetzlichen Aufbewahrungsfristen und unsere berechtigten Interessen der Bearbeitung zu Dokumentations- und Beweiszwecken es verlangen oder eine Speicherung technisch bedingt ist. Weitere Angaben zur jeweiligen Speicher- und Bearbeitungsdauer finden Sie jeweils bei den einzelnen Datenkategorien in <a href=\".\/#3-welche-daten-bearbeiten-wir\">Ziffer&nbsp;3<\/a> bzw. bei den Cookie-Kategorien in <a href=\".\/#12-verwenden-wir-online-tracking-und-online-werbetechniken\">Ziffer&nbsp;12<\/a>. Stehen keine rechtlichen oder vertraglichen Pflichten entgegen, l\u00f6schen oder anonymisieren wir Ihre Daten nach Ablauf der Speicher- oder Bearbeitungsdauer im Rahmen unserer \u00fcblichen Abl\u00e4ufe.<\/p>\n\n\n\n<h3 class=\"wp-block-heading\" id=\"10-wie-sch\u00fctzen-wir-ihre-daten\">10. Wie sch\u00fctzen wir Ihre Daten?<\/h3>\n\n\n\n<p>Wir treffen angemessene Sicherheitsmassnahmen, um die Vertraulichkeit, Integrit\u00e4t und Verf\u00fcgbarkeit Ihrer Personendaten zu wahren, um sie gegen unberechtigte oder unrechtm\u00e4ssige Bearbeitungen zu sch\u00fctzen und den Gefahren des Verlusts, einer unbeabsichtigten Ver\u00e4nderung, einer ungewollten Offenlegung oder eines unberechtigten Zugriffs entgegenzuwirken.<\/p>\n\n\n\n<h3 class=\"wp-block-heading\" id=\"11-welche-rechte-haben-sie\">11. Welche Rechte haben Sie?<\/h3>\n\n\n\n<p>Das anwendbare Datenschutzrecht gew\u00e4hrt Ihnen unter bestimmten Umst\u00e4nden das Recht, der Bearbeitung Ihrer Daten zu widersprechen, insbesondere jener f\u00fcr Zwecke des Direktmarketings, des f\u00fcr Direktwerbung betriebenen Profilings und weiterer berechtigter Interessen an der Bearbeitung.<\/p>\n\n\n\n<p>Um Ihnen die Kontrolle \u00fcber die Bearbeitung Ihrer Personendaten zu erleichtern, haben Sie im Zusammenhang mit unserer Datenbearbeitung je nach anwendbarem Datenschutzrecht auch folgende Rechte:<\/p>\n\n\n\n<ul class=\"wp-block-list\">\n<li>Das Recht, von uns Auskunft zu verlangen, ob und welche Daten wir von Ihnen bearbeiten;<\/li>\n\n\n\n<li>das Recht, dass wir Daten korrigieren, wenn sie unrichtig sind;<\/li>\n\n\n\n<li>das Recht, die L\u00f6schung von Daten zu verlangen;<\/li>\n\n\n\n<li>das Recht, von uns die Herausgabe bestimmter Personendaten in einem g\u00e4ngigen elektronischen Format oder ihre \u00dcbertragung an einen anderen Verantwortlichen zu verlangen;<\/li>\n\n\n\n<li>das Recht, eine Einwilligung zu widerrufen, soweit unsere Bearbeitung auf Ihrer Einwilligung beruht;<\/li>\n\n\n\n<li>das Recht auf Nachfrage weitere Informationen zu erhalten, die f\u00fcr die Aus\u00fcbung dieser Rechte erforderlich sind;<\/li>\n\n\n\n<li>das Recht, bei automatisierten Einzelentscheidungen (<a href=\".\/#6-was-gilt-bei-profiling-und-automatisierten-einzelentscheiden\">Ziffer&nbsp;6<\/a>) Ihren Standpunkt darzulegen und zu verlangen, dass die Entscheidung von einer nat\u00fcrlichen Person \u00fcberpr\u00fcft wird.<\/li>\n<\/ul>\n\n\n\n<p>Wenn Sie uns gegen\u00fcber die oben genannten Rechte aus\u00fcben wollen, wenden Sie sich bitte schriftlich, bei uns vor Ort oder, wo nicht anders angegeben oder vereinbart, per E-Mail an uns; unsere Kontaktangaben finden Sie in <a href=\".\/#2-wer-ist-f\u00fcr-die-bearbeitung-ihrer-daten-verantwortlich\">Ziffer&nbsp;2<\/a>. Damit wir einen Missbrauch ausschliessen k\u00f6nnen, m\u00fcssen wir Sie identifizieren (z.B. mit einer Ausweiskopie, soweit dies nicht anders m\u00f6glich ist).<\/p>\n\n\n\n<p>Bitte beachten Sie, dass f\u00fcr diese Rechte nach dem anwendbaren Datenschutzrecht Voraussetzungen, Ausnahmen oder Einschr\u00e4nkungen gelten (z.B. zum Schutz von Dritten oder von Gesch\u00e4ftsgeheimnissen). Wir werden Sie ggf. entsprechend informieren.<\/p>\n\n\n\n<p>Wenn Sie mit unserem Umgang mit Ihren Rechten oder dem Datenschutz nicht einverstanden sind, teilen Sie das uns (<a href=\".\/#2-wer-ist-f\u00fcr-die-bearbeitung-ihrer-daten-verantwortlich\">Ziffer&nbsp;2<\/a>) bitte mit. Insbesondere wenn Sie sich im EWR, im Vereinigten K\u00f6nigreich oder in der Schweiz befinden, haben Sie zudem das Recht, sich bei der Datenschutz-Aufsichtsbeh\u00f6rde Ihres Landes zu beschweren.<\/p>\n\n\n\n<h3 class=\"wp-block-heading\" id=\"12-verwenden-wir-online-tracking-und-online-werbetechniken\">12. Verwenden wir Online-Tracking- und Online-Werbetechniken?<\/h3>\n\n\n\n<p>Auf unserer Website setzen wir verschiedene Techniken ein, mit denen wir und von uns beigezogenen Dritte Sie bei Ihrer Nutzung wiedererkennen und unter Umst\u00e4nden auch \u00fcber mehrere Besuche hinweg verfolgen k\u00f6nnen. In diesem Abschnitt informieren wir Sie dar\u00fcber.<\/p>\n\n\n\n<p>Im Kern geht es darum, dass wir die Zugriffe von Ihnen (\u00fcber Ihr System) von Zugriffen anderer Benutzer unterscheiden k\u00f6nnen, damit wir die Funktionalit\u00e4t der Website sicherstellen und Auswertungen und Personalisierungen vornehmen k\u00f6nnen. Wir wollen dabei nicht auf Ihre Identit\u00e4t schliessen, auch wenn wir dies k\u00f6nnen, soweit wir oder von uns beigezogene Dritte Sie durch Kombination mit Registrierungsdaten identifizieren k\u00f6nnen. Auch ohne Registrierungsdaten sind die eingesetzten Techniken aber so ausgestaltet, dass Sie bei jedem Seitenaufruf als individueller Besucher erkannt werden, etwa indem unser Server (oder die Server der Dritten) Ihnen bzw. Ihrem Browser eine bestimmte Erkennungsnummer zuweist (sog. \u00abCookie\u00bb).<\/p>\n\n\n\n<p>Wir verwenden solche Techniken auf unserer Website und erlauben bestimmten Dritten, dies ebenfalls zu tun. Sie k\u00f6nnen Ihren Browser so programmieren, dass er bestimmte Cookies oder Alternativtechniken blockiert, t\u00e4uscht oder bestehende Cookies l\u00f6scht. Sie k\u00f6nnen Ihren Browser auch mit Software erweitern, die das Tracking durch bestimmte Dritte sperrt. Weitere Angaben dazu finden Sie auf den Hilfeseiten Ihres Browsers (meist unter dem Stichwort \u00abDatenschutz\u00bb) oder auf den Websites der Dritten, die wir unten auff\u00fchren.<\/p>\n\n\n\n<p>Es werden folgende Cookies (Techniken mit vergleichbaren Funktionsweisen wie das Fingerprinting sind hier mitgemeint) unterschieden:<\/p>\n\n\n\n<ul class=\"wp-block-list\">\n<li><strong>Notwendige Cookies<\/strong>: Einige Cookies sind f\u00fcr das Funktionieren der Website als solche oder bestimmte Funktionen notwendig. Sie stellen z.B. sicher, dass Sie zwischen den Seiten wechseln k\u00f6nnen, ohne dass in einem Formular eingegebene Angaben verloren gehen. Sie stellen ausserdem sicher, dass Sie eingeloggt bleiben. Diese Cookies bestehen nur tempor\u00e4r (\u00abSession Cookies\u00bb). Falls Sie sie blockieren, funktioniert die Website m\u00f6glicherweise nicht. Andere Cookies sind notwendig, damit der Server von Ihnen getroffene Entscheide oder Eingaben \u00fcber eine Sitzung (d.h. einen Besuch der Website) hinaus speichern kann, falls Sie diese Funktion beanspruchen (z.B. gew\u00e4hlte Sprache, erteilte Einwilligung, die Funktion f\u00fcr ein automatisches Einloggen etc.). Diese Cookies haben ein Verfallsdatum von bis zu 24 Monaten.<\/li>\n\n\n\n<li><strong>Performance Cookies<\/strong>: Um unsere Website und entsprechende Angebote zu optimieren und besser auf die Bed\u00fcrfnisse der Benutzer abzustimmen, nutzen wir Cookies, um die Verwendung unserer Website aufzuzeichnen und zu analysieren, unter Umst\u00e4nden auch \u00fcber die Sitzung hinaus. Das tun wir durch den Einsatz von Analyse-Diensten von Drittanbietern. Diese haben wir unten aufgef\u00fchrt. Performance Cookies haben ebenfalls ein Verfallsdatum von bis zu 24 Monaten. Details finden Sie auf den Websites der Drittanbieter.<\/li>\n\n\n\n<li><strong>Marketing Cookies<\/strong>: Wir und unsere Werbe-Vertragspartner haben ein Interesse daran, Werbung zielgruppengenau zu steuern, d.h. m\u00f6glichst nur denen anzuzeigen, die wir ansprechen wollen. Unsere Werbe-Vertragspartner haben wir unten aufgef\u00fchrt. Zu diesem Zweck setzen wir und unsere Werbe-Vertragspartner \u2013&nbsp;falls Sie einwilligen&nbsp;\u2013 ebenfalls Cookies ein, mit denen die aufgerufenen Inhalte oder geschlossenen Vertr\u00e4ge erfasst werden k\u00f6nnen. Das erm\u00f6glicht es uns und unseren Werbe-Vertragspartnern, Werbung anzuzeigen, bei der wir davon ausgehen k\u00f6nnen, dass sie Sie interessiert, auf unserer Website, aber auch auf anderen Websites, die Werbung von uns bzw. unseren Werbe-Vertragspartnern anzeigen. Diese Cookies haben je nach Situation eine Verfalldauer von einigen Tagen bis zu 12 Monaten. Falls Sie in die Verwendung dieser Cookies einwilligen, wird Ihnen entsprechende Werbung angezeigt. Falls Sie nicht in diese Cookies einwilligen, sehen Sie nicht weniger Werbung, sondern einfach irgendwelche andere Werbung.<\/li>\n<\/ul>\n\n\n\n<p>Neben Marketing-Cookies verwenden wir weitere Techniken, um Online-Werbung auf anderen Websites zu steuern und dadurch Streuverluste zu reduzieren. Wir k\u00f6nnen bspw. die E-Mail-Adressen unserer Nutzer, Kunden und weiteren Personen, denen wir Werbung anzeigen wollen, an Betreiber von Werbeplattformen \u00fcbermitteln (z.B. Social Media). Falls diese Personen dort mit derselben E-Mail-Adresse registriert sind (was die Werbeplattformen durch einen Abgleich feststellen), zeigen die Betreiber die von uns geschaltete Werbung zielgerichtet diesen Personen an. Personenbezogene E-Mail-Adressen von nicht bereits bekannten Personen erhalten die Betreiber dabei nicht. Bei bekannten E-Mail-Adressen erfahren sie aber, dass diese Personen mit uns in Verbindung stehen und welche Inhalte sie aufgerufen haben.<\/p>\n\n\n\n<p>Wir k\u00f6nnen auf unserer Website auch weitere Angebote Dritter einbinden, insbesondere von Social-Media-Anbietern. Diese Angebote sind dabei standardm\u00e4ssig deaktiviert. Sobald Sie sie aktivieren (z.B. durch Anklicken eines Schalters), k\u00f6nnen die entsprechenden Anbieter feststellen, dass Sie sich auf unserer Website befinden. Haben Sie beim Social-Media-Anbieter ein Konto, kann er Ihnen diese Angabe zuordnen und so Ihre Nutzung von Online-Angeboten verfolgen. Diese Social-Media-Anbieter bearbeiten diese Daten in eigener Verantwortung.<\/p>\n\n\n\n<p>Derzeit verwenden wir Angebote der folgende Dienstleister und Werbe-Vertragspartner (soweit diese zur Werbesteuerung Daten von Ihnen bzw. bei Ihnen gesetzte Cookies verwenden):<\/p>\n\n\n\n<ul class=\"wp-block-list\">\n<li><strong>Matomo<\/strong>: Matomo ist eine quelloffene und durch die Sektion Fussball des Sportclub Unilever bei Infomaniak in der Schweiz gehostete Analytics-L\u00f6sung. Matomo verfolgt ohne Einsatz von Cookies das Verhalten der Besucher auf unserer Website (Dauer, H\u00e4ufigkeit der aufgerufenen Seiten, geographische Herkunft des Zugriffs etc.) und erstellt f\u00fcr uns auf dieser Grundlage Berichte \u00fcber die Nutzung unserer Website. Wir haben den Dienst so konfiguriert, dass die IP-Adressen der Besucher gek\u00fcrzt werden und dadurch nicht zur\u00fcckverfolgt werden k\u00f6nnen. Dem Einsatz von Matomo k\u00f6nnen Sie unter diesem <a href=\"https:\/\/matomo.leadershipcampus.ch\/index.php?module=CoreAdminHome&amp;action=optOut&amp;language=en&amp;backgroundColor=&amp;fontColor=ffffff&amp;fontSize=21px&amp;fontFamily=Fira%20Sans\" target=\"_blank\" rel=\"noreferrer noopener nofollow\">Link<\/a> widersprechen: <\/li>\n\n\n\n<li><strong>hCaptcha<\/strong>: Intuition Machines, Inc. (mit Sitz in den USA) ist Anbieter des Dienstes \u00abhCaptcha\u00bb. hCaptcha pr\u00fcft, ob die Dateneingaben auf unserer Website durch einen Menschen oder durch ein automatisiertes Programm erfolgt. hCaptcha analysiert das Verhalten der Benutzer anhand verschiedener Merkmale. Diese Analyse startet automatisch, sobald ein Benutzer einen Teil der Website mit aktiviertem hCaptcha betritt. F\u00fcr die Analyse wertet hCaptcha verschiedene Informationen aus (z. B. IP-Adresse, Verweildauer des Besuchers auf der Website oder Mausbewegungen des Nutzers). Weitere Informationen zu hCaptcha sowie die Datenschutzerkl\u00e4rung finden Sie unter <a href=\"https:\/\/hcaptcha.com\/privacy\/\" target=\"_blank\" rel=\"noreferrer noopener nofollow\">https:\/\/hcaptcha.com\/privacy\/<\/a>.<\/li>\n<\/ul>\n\n\n\n<h3 class=\"wp-block-heading\" id=\"13-welche-daten-bearbeiten-wir-auf-unseren-seiten-in-sozialen-netzwerken\">13. Welche Daten bearbeiten wir auf unseren Seiten in sozialen Netzwerken?<\/h3>\n\n\n\n<p>Wir k\u00f6nnen auf sozialen Netzwerken und anderen von Dritten betriebenen Plattformen Seiten und sonstige Online-Pr\u00e4senzen betreiben (\u00abFanpages\u00bb, \u00abKan\u00e4le\u00bb, \u00abProfile\u00bb etc.) und dort die in <a href=\".\/#3-welche-daten-bearbeiten-wir\">Ziffer&nbsp;3<\/a> und nachfolgend umschriebenen Daten \u00fcber Sie erheben. Wir erhalten diese Daten von Ihnen und den Plattformen, wenn Sie \u00fcber unsere Online-Pr\u00e4senz mit uns in Kontakt kommen (z.B., wenn Sie mit uns kommunizieren, unsere Inhalte kommentieren oder unsere Pr\u00e4senz besuchen). Gleichzeitig werten die Plattformen Ihre Nutzung unserer Online-Pr\u00e4senzen aus und verkn\u00fcpfen diese Daten mit weiteren, den Plattformen bekannten Daten \u00fcber Sie (z.B. zu Ihrem Verhalten und Ihren Pr\u00e4ferenzen). Sie bearbeiten diese Daten auch f\u00fcr eigene Zwecke in eigener Verantwortlichkeit, insbesondere f\u00fcr Marketing- und Marktforschungszwecke (z.B. um Werbung zu personalisieren) und um ihre Plattformen zu steuern (z.B. welche Inhalte sie Ihnen anzeigen).<\/p>\n\n\n\n<p>Wir bearbeiten diese Daten zu den in <a href=\".\/#4-zu-welchen-zwecken-bearbeiten-wir-ihre-daten\">Ziffer&nbsp;4<\/a> beschriebenen Zwecken, so insbesondere zur Kommunikation, f\u00fcr Marketingzwecke (einschliesslich Werbung auf diesen Plattformen, vgl. dazu <a href=\".\/#12-verwenden-wir-online-tracking-und-online-werbetechniken\">Ziffer&nbsp;12<\/a>) und zur Marktforschung. Zu den entsprechenden Rechtsgrundlagen finden Sie Angaben in <a href=\".\/#3-welche-daten-bearbeiten-wir\">Ziffer&nbsp;5<\/a>. Von Ihnen selbst ver\u00f6ffentlichte Inhalte (z.B. Kommentare zu einer Ank\u00fcndigung) k\u00f6nnen wir selbst weiterverbreiten (z.B. in unserer Werbung auf der Plattform oder anderswo). Wir oder die Betreiber der Plattformen k\u00f6nnen Inhalte von oder zu Ihnen auch entsprechend den Nutzungsrichtlinien l\u00f6schen oder einschr\u00e4nken (z.B. unangemessene Kommentare).<\/p>\n\n\n\n<p>Weitere Angaben zu den Bearbeitungen der Betreiber der Plattformen entnehmen Sie bitte den Datenschutzhinweisen der Plattformen. Dort erfahren Sie auch, in welchen L\u00e4ndern diese ihre Daten bearbeiten, welche Auskunfts-, L\u00f6sch- und weiteren Betroffenenrechte Sie haben und wie Sie diese wahrnehmen oder weitere Informationen erhalten k\u00f6nnen.<\/p>\n\n\n\n<h3 class=\"wp-block-heading\" id=\"14-kann-diese-datenschutzerkl\u00e4rung-ge\u00e4ndert-werden\">14. Kann diese Datenschutzerkl\u00e4rung ge\u00e4ndert werden?<\/h3>\n\n\n\n<p><a><\/a> Diese Datenschutzerkl\u00e4rung ist nicht Bestandteil eines Vertrags mit Ihnen. Wir k\u00f6nnen diese Datenschutzerkl\u00e4rung jederzeit anpassen. Die auf dieser Website ver\u00f6ffentlichte Version ist die jeweils aktuelle Fassung.<\/p>\n\n\n\n<p>Letzte Aktualisierung: 1. November 2022.<\/p>\n\n\n\n<h2 class=\"wp-block-heading\">Rechtliches<\/h2>\n\n\n\n<p>Personen (der \u00abBenutzer\u00bb oder die \u00abBenutzerin\u00bb), die Informationen auf der Website (die \u00abWebsite\u00bb) der Sektion Fussball des Sportclub Unilever abrufen, erkl\u00e4ren sich mit den nachstehenden Bedingungen einverstanden.<\/p>\n\n\n\n<h3 class=\"wp-block-heading\">1. Kein bindendes Angebot<\/h3>\n\n\n\n<p>Kein Element auf unserer Website stellt ein bindendes Angebot dar.<\/p>\n\n\n\n<h3 class=\"wp-block-heading\">2. Haftungs- und Gew\u00e4hrleistungsausschluss<\/h3>\n\n\n\n<p>Die Sektion Fussball des Sportclub Unilever bem\u00fcht sich, zum Zeitpunkt der Ver\u00f6ffentlichung auf dieser Website aktuelle und zutreffende Informationen bereitzustellen. Die Sektion Fussball des Sportclub Unilever macht jedoch keine Zusicherung oder \u00fcbernimmt eine Gew\u00e4hrleistung hinsichtlich der Korrektheit, Zuverl\u00e4ssigkeit, Vollst\u00e4ndigkeit oder Genauigkeit dieser Informationen und beh\u00e4lt sich vor, diese Informationen jederzeit zu \u00e4ndern.<\/p>\n\n\n\n<p>Die Verwendung dieser Informationen erfolgt auf Risiko der Benutzer und Benutzerinnen. Die Sektion Fussball des Sportclub Unilever lehnt, soweit gesetzlich m\u00f6glich, die Haftung f\u00fcr Sch\u00e4den oder Folgesch\u00e4den, die sich aus dem Zugriff oder der Benutzung bzw. der Unm\u00f6glichkeit des Zugriffs oder der Benutzung unserer Website ergeben, ab.<\/p>\n\n\n\n<h3 class=\"wp-block-heading\">3. Links<\/h3>\n\n\n\n<p>Unsere Website kann verlinkte Inhalte, die nicht von der Sektion Fussball des Sportclub Unilever stammen, sowie Links auf Websites oder Inhalte von Dritten enthalten, auf welche die Sektion Fussball des Sportclub Unilever keinen Einfluss hat. F\u00fcr solche Inhalte, die auf den jeweiligen Websites angebotenen Produkte, Dienstleistungen oder sonstigen Angebote \u00fcbernimmt die Sektion Fussball des Sportclub Unilever keine Verantwortung. Ebenso haftet die Sektion Fussball des Sportclub Unilever nicht f\u00fcr Websites, die unsere Website verlinken oder Informationen unserer Website anderweitig verwenden.<\/p>\n\n\n\n<h3 class=\"wp-block-heading\">4. Immaterialg\u00fcterrechte<\/h3>\n\n\n\n<p>Der gesamte Inhalt unserer Website ist urheberrechtlich gesch\u00fctzt (alle Rechte vorbehalten). Das Herunterladen oder Ausdrucken einzelner Seiten und Teilbereiche unserer Website ist insbesondere nur f\u00fcr den pers\u00f6nlichen nicht kommerziellen Gebrauch gestattet. Dabei d\u00fcrfen weder die Copyrightvermerke noch andere gesetzlich gesch\u00fctzte Bezeichnungen entfernt werden.<\/p>\n\n\n\n<p>Das vollst\u00e4ndige oder teilweise Reproduzieren, \u00dcbermitteln (elektronisch oder mit anderen Mitteln), Modifizieren oder Verkn\u00fcpfen unserer Website f\u00fcr \u00f6ffentliche oder kommerzielle Zwecke ist ohne vorherige schriftliche Zustimmung der Sektion Fussball des Sportclub Unilever untersagt.<\/p>\n\n\n\n<h3 class=\"wp-block-heading\">5. Anwendbares Recht und Gerichtstand<\/h3>\n\n\n\n<p>Soweit gesetzlich zul\u00e4ssig, unterstehen alle Rechtsbeziehungen zwischen den Benutzerinnen und Benutzern unserer Website und der Sektion Fussball des Sportclub Unilever dem materiellen Schweizer Recht. Ausschliesslicher Gerichtsstand ist Schaffhausen.<\/p>\n","protected":false},"excerpt":{"rendered":"<p>Herausgeber dieser Website ist die Sektion Fussball des Sportclub Unilever. Verantwortlich f\u00fcr Konzept, Gestaltung und Umsetzung ist andreasrohnerdotnet. Die Website der Sektion Fussball des Sportclub Unilever wird auf einem quelloffenen Linux-Apache-MariaDB-PHP-Stack bei Infomaniak gehostet. Das Content Management System ist das quelloffene WordPress. Als prim\u00e4re Analytics-L\u00f6sung setzt die Sektion Fussball des Sportclub Unilever das quelloffene Matomo [&hellip;]<\/p>\n","protected":false},"author":1,"featured_media":0,"parent":0,"menu_order":99,"comment_status":"closed","ping_status":"closed","template":"","meta":{"footnotes":""},"class_list":["post-1402","page","type-page","status-publish","hentry"],"yoast_head":"<!-- This site is optimized with the Yoast SEO plugin v27.2 - https:\/\/yoast.com\/product\/yoast-seo-wordpress\/ -->\n<title>Colophon &#8211; Sektion Fussball des Sportclub Unilever<\/title>\n<meta name=\"description\" content=\"Colophon der Website der Sektion Fussball des Sportclub Unilever.\" \/>\n<meta name=\"robots\" content=\"noindex, follow\" \/>\n<meta property=\"og:locale\" content=\"de_DE\" \/>\n<meta property=\"og:type\" content=\"article\" \/>\n<meta property=\"og:title\" content=\"Colophon &#8211; Sektion Fussball des Sportclub Unilever\" \/>\n<meta property=\"og:description\" content=\"Colophon der Website der Sektion Fussball des Sportclub Unilever.\" \/>\n<meta property=\"og:url\" content=\"https:\/\/scunilever.ch\/fussball\/colophon\/\" \/>\n<meta property=\"og:site_name\" content=\"Sektion Fussball des Sportclub Unilever\" \/>\n<meta property=\"article:modified_time\" content=\"2024-03-12T15:31:24+00:00\" \/>\n<meta name=\"twitter:card\" content=\"summary_large_image\" \/>\n<meta name=\"twitter:site\" content=\"@scunilever\" \/>\n<meta name=\"twitter:label1\" content=\"Gesch\u00e4tzte Lesezeit\" \/>\n\t<meta name=\"twitter:data1\" content=\"34\u00a0Minuten\" \/>\n<script type=\"application\/ld+json\" class=\"yoast-schema-graph\">{\"@context\":\"https:\/\/schema.org\",\"@graph\":[{\"@type\":\"WebPage\",\"@id\":\"https:\/\/scunilever.ch\/fussball\/colophon\/\",\"url\":\"https:\/\/scunilever.ch\/fussball\/colophon\/\",\"name\":\"Colophon &#8211; Sektion Fussball des Sportclub Unilever\",\"isPartOf\":{\"@id\":\"https:\/\/scunilever.ch\/fussball\/#website\"},\"datePublished\":\"2022-11-10T14:24:14+00:00\",\"dateModified\":\"2024-03-12T15:31:24+00:00\",\"description\":\"Colophon der Website der Sektion Fussball des Sportclub Unilever.\",\"breadcrumb\":{\"@id\":\"https:\/\/scunilever.ch\/fussball\/colophon\/#breadcrumb\"},\"inLanguage\":\"de-CH\",\"potentialAction\":[{\"@type\":\"ReadAction\",\"target\":[\"https:\/\/scunilever.ch\/fussball\/colophon\/\"]}]},{\"@type\":\"BreadcrumbList\",\"@id\":\"https:\/\/scunilever.ch\/fussball\/colophon\/#breadcrumb\",\"itemListElement\":[{\"@type\":\"ListItem\",\"position\":1,\"name\":\"Startseite\",\"item\":\"https:\/\/scunilever.ch\/fussball\/\"},{\"@type\":\"ListItem\",\"position\":2,\"name\":\"Colophon\"}]},{\"@type\":\"WebSite\",\"@id\":\"https:\/\/scunilever.ch\/fussball\/#website\",\"url\":\"https:\/\/scunilever.ch\/fussball\/\",\"name\":\"Sektion Fussball des Sportclub Unilever\",\"description\":\"Sektion Fussball\",\"publisher\":{\"@id\":\"https:\/\/scunilever.ch\/fussball\/#organization\"},\"potentialAction\":[{\"@type\":\"SearchAction\",\"target\":{\"@type\":\"EntryPoint\",\"urlTemplate\":\"https:\/\/scunilever.ch\/fussball\/?s={search_term_string}\"},\"query-input\":{\"@type\":\"PropertyValueSpecification\",\"valueRequired\":true,\"valueName\":\"search_term_string\"}}],\"inLanguage\":\"de-CH\"},{\"@type\":\"Organization\",\"@id\":\"https:\/\/scunilever.ch\/fussball\/#organization\",\"name\":\"Sektion Fussball des Sportclub Unilever\",\"url\":\"https:\/\/scunilever.ch\/fussball\/\",\"logo\":{\"@type\":\"ImageObject\",\"inLanguage\":\"de-CH\",\"@id\":\"https:\/\/scunilever.ch\/fussball\/#\/schema\/logo\/image\/\",\"url\":\"https:\/\/scunilever.ch\/fussball\/wp-content\/uploads\/sites\/2\/Logo-Sportclub-Unilever.png\",\"contentUrl\":\"https:\/\/scunilever.ch\/fussball\/wp-content\/uploads\/sites\/2\/Logo-Sportclub-Unilever.png\",\"width\":512,\"height\":512,\"caption\":\"Sektion Fussball des Sportclub Unilever\"},\"image\":{\"@id\":\"https:\/\/scunilever.ch\/fussball\/#\/schema\/logo\/image\/\"},\"sameAs\":[\"https:\/\/x.com\/scunilever\"]}]}<\/script>\n<!-- \/ Yoast SEO plugin. -->","yoast_head_json":{"title":"Colophon &#8211; Sektion Fussball des Sportclub Unilever","description":"Colophon der Website der Sektion Fussball des Sportclub Unilever.","robots":{"index":"noindex","follow":"follow"},"og_locale":"de_DE","og_type":"article","og_title":"Colophon &#8211; Sektion Fussball des Sportclub Unilever","og_description":"Colophon der Website der Sektion Fussball des Sportclub Unilever.","og_url":"https:\/\/scunilever.ch\/fussball\/colophon\/","og_site_name":"Sektion Fussball des Sportclub Unilever","article_modified_time":"2024-03-12T15:31:24+00:00","twitter_card":"summary_large_image","twitter_site":"@scunilever","twitter_misc":{"Gesch\u00e4tzte Lesezeit":"34\u00a0Minuten"},"schema":{"@context":"https:\/\/schema.org","@graph":[{"@type":"WebPage","@id":"https:\/\/scunilever.ch\/fussball\/colophon\/","url":"https:\/\/scunilever.ch\/fussball\/colophon\/","name":"Colophon &#8211; Sektion Fussball des Sportclub Unilever","isPartOf":{"@id":"https:\/\/scunilever.ch\/fussball\/#website"},"datePublished":"2022-11-10T14:24:14+00:00","dateModified":"2024-03-12T15:31:24+00:00","description":"Colophon der Website der Sektion Fussball des Sportclub Unilever.","breadcrumb":{"@id":"https:\/\/scunilever.ch\/fussball\/colophon\/#breadcrumb"},"inLanguage":"de-CH","potentialAction":[{"@type":"ReadAction","target":["https:\/\/scunilever.ch\/fussball\/colophon\/"]}]},{"@type":"BreadcrumbList","@id":"https:\/\/scunilever.ch\/fussball\/colophon\/#breadcrumb","itemListElement":[{"@type":"ListItem","position":1,"name":"Startseite","item":"https:\/\/scunilever.ch\/fussball\/"},{"@type":"ListItem","position":2,"name":"Colophon"}]},{"@type":"WebSite","@id":"https:\/\/scunilever.ch\/fussball\/#website","url":"https:\/\/scunilever.ch\/fussball\/","name":"Sektion Fussball des Sportclub Unilever","description":"Sektion Fussball","publisher":{"@id":"https:\/\/scunilever.ch\/fussball\/#organization"},"potentialAction":[{"@type":"SearchAction","target":{"@type":"EntryPoint","urlTemplate":"https:\/\/scunilever.ch\/fussball\/?s={search_term_string}"},"query-input":{"@type":"PropertyValueSpecification","valueRequired":true,"valueName":"search_term_string"}}],"inLanguage":"de-CH"},{"@type":"Organization","@id":"https:\/\/scunilever.ch\/fussball\/#organization","name":"Sektion Fussball des Sportclub Unilever","url":"https:\/\/scunilever.ch\/fussball\/","logo":{"@type":"ImageObject","inLanguage":"de-CH","@id":"https:\/\/scunilever.ch\/fussball\/#\/schema\/logo\/image\/","url":"https:\/\/scunilever.ch\/fussball\/wp-content\/uploads\/sites\/2\/Logo-Sportclub-Unilever.png","contentUrl":"https:\/\/scunilever.ch\/fussball\/wp-content\/uploads\/sites\/2\/Logo-Sportclub-Unilever.png","width":512,"height":512,"caption":"Sektion Fussball des Sportclub Unilever"},"image":{"@id":"https:\/\/scunilever.ch\/fussball\/#\/schema\/logo\/image\/"},"sameAs":["https:\/\/x.com\/scunilever"]}]}},"jetpack_sharing_enabled":true,"_links":{"self":[{"href":"https:\/\/scunilever.ch\/fussball\/wp-json\/wp\/v2\/pages\/1402","targetHints":{"allow":["GET"]}}],"collection":[{"href":"https:\/\/scunilever.ch\/fussball\/wp-json\/wp\/v2\/pages"}],"about":[{"href":"https:\/\/scunilever.ch\/fussball\/wp-json\/wp\/v2\/types\/page"}],"author":[{"embeddable":true,"href":"https:\/\/scunilever.ch\/fussball\/wp-json\/wp\/v2\/users\/1"}],"replies":[{"embeddable":true,"href":"https:\/\/scunilever.ch\/fussball\/wp-json\/wp\/v2\/comments?post=1402"}],"version-history":[{"count":3,"href":"https:\/\/scunilever.ch\/fussball\/wp-json\/wp\/v2\/pages\/1402\/revisions"}],"predecessor-version":[{"id":1533,"href":"https:\/\/scunilever.ch\/fussball\/wp-json\/wp\/v2\/pages\/1402\/revisions\/1533"}],"wp:attachment":[{"href":"https:\/\/scunilever.ch\/fussball\/wp-json\/wp\/v2\/media?parent=1402"}],"curies":[{"name":"wp","href":"https:\/\/api.w.org\/{rel}","templated":true}]}}